{"id":2152,"date":"2026-09-03T09:40:23","date_gmt":"2026-09-03T07:40:23","guid":{"rendered":"https:\/\/casacuberta.com\/es\/?page_id=2152"},"modified":"2026-09-03T09:41:28","modified_gmt":"2026-09-03T07:41:28","slug":"politica-de-proteccion-de-datos","status":"publish","type":"page","link":"https:\/\/casacuberta.com\/fr\/esp-politica-de-proteccion-de-datos\/","title":{"rendered":"Politique de Protection des Donn\u00e9es"},"content":{"rendered":"<div class=\"wp-block-columns infotext is-layout-flex wp-container-core-columns-is-layout-8f761849 wp-block-columns-is-layout-flex\">\n<div class=\"wp-block-column is-layout-flow wp-block-column-is-layout-flow\" style=\"flex-basis:33.33%\">\n<h2 class=\"wp-block-heading\"><strong>Politique de Protection des Donn\u00e9es<\/strong><\/h2>\n<\/div>\n\n\n\n<div class=\"wp-block-column is-layout-flow wp-block-column-is-layout-flow\" style=\"flex-basis:66.66%\">\n<p class=\"wp-block-paragraph\">Conform\u00e9ment au RGPD (R\u00e8glement G\u00e9n\u00e9ral sur la Protection des Donn\u00e9es, UE 2016\/679), nous vous informons que vos donn\u00e9es de contact seront trait\u00e9es par CASACUBERTA, en qualit\u00e9 de Responsable du traitement, aux fins suivantes :<\/p>\n\n\n\n<p class=\"wp-block-paragraph\">(i) g\u00e9rer la relation commerciale ou contractuelle, sur la base de l\u2019ex\u00e9cution d\u2019un contrat ou de mesures pr\u00e9contractuelles avec CASACUBERTA;<br>(ii) maintenir la relation avec les clients et les fournisseurs, sur la base de l\u2019int\u00e9ret l\u00e9gitime du Responsable du traitement conform\u00e9ment \u00e0 l\u2019article 21 de la LOPDGDD (Loi organique espagnole relative \u00e0 la protection des donn\u00e9es).<\/p>\n\n\n\n<p class=\"wp-block-paragraph\">Vos donn\u00e9es seront conserv\u00e9es pendant toute la dur\u00e9e de la relation et durant les d\u00e9lais de prescription l\u00e9gaux applicables. Aucune communication \u00e0 des tiers ni aucun transfert international de donn\u00e9es ne sont pr\u00e9vus.<\/p>\n\n\n\n<p class=\"wp-block-paragraph\">Vous pouvez exercer vos droits d\u2019acc\u00e8s, de rectification, d\u2019opposition, de limitation du traitement, d\u2019effacement et de portabilit\u00e9 de vos donn\u00e9es en nous contactant a l\u2019adresse \u00e9lectronique suivante : <a href=\"mailto:info@casacuberta.com\">info@casacuberta.com<\/a>.<\/p>\n\n\n\n<p class=\"wp-block-paragraph\">Vous avez \u00e9galement le droit d\u2019introduire une r\u00e9clamation aupr\u00e8s de l\u2019Agence espagnole de protection des donn\u00e9es (AEPD) si vous estimez que vos droits ont \u00e9t\u00e9 viol\u00e9s.<\/p>\n<\/div>\n<\/div>","protected":false},"excerpt":{"rendered":"<p>Politique de Protection des Donn\u00e9es Conform\u00e9ment au RGPD (R\u00e8glement G\u00e9n\u00e9ral sur la Protection des Donn\u00e9es, UE 2016\/679), nous vous informons que vos donn\u00e9es de contact seront trait\u00e9es par CASACUBERTA, en qualit\u00e9 de Responsable du traitement, aux fins suivantes : (i) g\u00e9rer la relation commerciale ou contractuelle, sur la base de l\u2019ex\u00e9cution d\u2019un contrat ou de [&hellip;]<\/p>\n","protected":false},"author":1,"featured_media":0,"parent":0,"menu_order":0,"comment_status":"closed","ping_status":"closed","template":"","meta":{"inline_featured_image":false,"ngg_post_thumbnail":0,"footnotes":""},"class_list":["post-2152","page","type-page","status-publish","hentry"],"yoast_head":"<!-- This site is optimized with the Yoast SEO plugin v28.3 - https:\/\/yoast.com\/product\/yoast-seo-wordpress\/ -->\n<title>Politique de Protection des Donn\u00e9es - Casacuberta<\/title>\n<meta name=\"robots\" content=\"index, follow, max-snippet:-1, max-image-preview:large, max-video-preview:-1\" \/>\n<link rel=\"canonical\" href=\"https:\/\/casacuberta.com\/fr\/esp-politica-de-proteccion-de-datos\/\" \/>\n<meta property=\"og:locale\" content=\"fr_FR\" \/>\n<meta property=\"og:type\" content=\"article\" \/>\n<meta property=\"og:title\" content=\"Politique de Protection des Donn\u00e9es - Casacuberta\" \/>\n<meta property=\"og:description\" content=\"Politique de Protection des Donn\u00e9es Conform\u00e9ment au RGPD (R\u00e8glement G\u00e9n\u00e9ral sur la Protection des Donn\u00e9es, UE 2016\/679), nous vous informons que vos donn\u00e9es de contact seront trait\u00e9es par CASACUBERTA, en qualit\u00e9 de Responsable du traitement, aux fins suivantes : (i) g\u00e9rer la relation commerciale ou contractuelle, sur la base de l\u2019ex\u00e9cution d\u2019un contrat ou de [&hellip;]\" \/>\n<meta property=\"og:url\" content=\"https:\/\/casacuberta.com\/fr\/esp-politica-de-proteccion-de-datos\/\" \/>\n<meta property=\"og:site_name\" content=\"Casacuberta\" \/>\n<meta property=\"article:modified_time\" content=\"2026-09-03T07:41:28+00:00\" \/>\n<meta name=\"twitter:card\" content=\"summary_large_image\" \/>\n<meta name=\"twitter:label1\" content=\"Dur\u00e9e de lecture estim\u00e9e\" \/>\n\t<meta name=\"twitter:data1\" content=\"1 minute\" \/>\n<script type=\"application\/ld+json\" class=\"yoast-schema-graph\">{\"@context\":\"https:\\\/\\\/schema.org\",\"@graph\":[{\"@type\":\"WebPage\",\"@id\":\"https:\\\/\\\/casacuberta.com\\\/fr\\\/esp-politica-de-proteccion-de-datos\\\/\",\"url\":\"https:\\\/\\\/casacuberta.com\\\/fr\\\/esp-politica-de-proteccion-de-datos\\\/\",\"name\":\"Politique de Protection des Donn\u00e9es - Casacuberta\",\"isPartOf\":{\"@id\":\"https:\\\/\\\/casacuberta.com\\\/fr\\\/#website\"},\"datePublished\":\"2026-09-03T07:40:23+00:00\",\"dateModified\":\"2026-09-03T07:41:28+00:00\",\"breadcrumb\":{\"@id\":\"https:\\\/\\\/casacuberta.com\\\/fr\\\/esp-politica-de-proteccion-de-datos\\\/#breadcrumb\"},\"inLanguage\":\"fr-FR\",\"potentialAction\":[{\"@type\":\"ReadAction\",\"target\":[[\"https:\\\/\\\/casacuberta.com\\\/fr\\\/esp-politica-de-proteccion-de-datos\\\/\"]]}]},{\"@type\":\"BreadcrumbList\",\"@id\":\"https:\\\/\\\/casacuberta.com\\\/fr\\\/esp-politica-de-proteccion-de-datos\\\/#breadcrumb\",\"itemListElement\":[{\"@type\":\"ListItem\",\"position\":1,\"name\":\"Portada\",\"item\":\"https:\\\/\\\/casacuberta.com\\\/fr\\\/\"},{\"@type\":\"ListItem\",\"position\":2,\"name\":\"Politique de Protection des Donn\u00e9es\"}]},{\"@type\":\"WebSite\",\"@id\":\"https:\\\/\\\/casacuberta.com\\\/fr\\\/#website\",\"url\":\"https:\\\/\\\/casacuberta.com\\\/fr\\\/\",\"name\":\"Casacuberta\",\"description\":\"Generando valor inmobiliario desde 1985. Barcelona. Madrid. Ginebra.\",\"potentialAction\":[{\"@type\":\"SearchAction\",\"target\":{\"@type\":\"EntryPoint\",\"urlTemplate\":\"https:\\\/\\\/casacuberta.com\\\/fr\\\/?s={search_term_string}\"},\"query-input\":{\"@type\":\"PropertyValueSpecification\",\"valueRequired\":true,\"valueName\":\"search_term_string\"}}],\"inLanguage\":\"fr-FR\"}]}<\/script>\n<!-- \/ Yoast SEO plugin. -->","yoast_head_json":{"title":"Politique de Protection des Donn\u00e9es - Casacuberta","robots":{"index":"index","follow":"follow","max-snippet":"max-snippet:-1","max-image-preview":"max-image-preview:large","max-video-preview":"max-video-preview:-1"},"canonical":"https:\/\/casacuberta.com\/fr\/esp-politica-de-proteccion-de-datos\/","og_locale":"fr_FR","og_type":"article","og_title":"Politique de Protection des Donn\u00e9es - Casacuberta","og_description":"Politique de Protection des Donn\u00e9es Conform\u00e9ment au RGPD (R\u00e8glement G\u00e9n\u00e9ral sur la Protection des Donn\u00e9es, UE 2016\/679), nous vous informons que vos donn\u00e9es de contact seront trait\u00e9es par CASACUBERTA, en qualit\u00e9 de Responsable du traitement, aux fins suivantes : (i) g\u00e9rer la relation commerciale ou contractuelle, sur la base de l\u2019ex\u00e9cution d\u2019un contrat ou de [&hellip;]","og_url":"https:\/\/casacuberta.com\/fr\/esp-politica-de-proteccion-de-datos\/","og_site_name":"Casacuberta","article_modified_time":"2026-09-03T07:41:28+00:00","twitter_card":"summary_large_image","twitter_misc":{"Dur\u00e9e de lecture estim\u00e9e":"1 minute"},"schema":{"@context":"https:\/\/schema.org","@graph":[{"@type":"WebPage","@id":"https:\/\/casacuberta.com\/fr\/esp-politica-de-proteccion-de-datos\/","url":"https:\/\/casacuberta.com\/fr\/esp-politica-de-proteccion-de-datos\/","name":"Politique de Protection des Donn\u00e9es - Casacuberta","isPartOf":{"@id":"https:\/\/casacuberta.com\/fr\/#website"},"datePublished":"2026-09-03T07:40:23+00:00","dateModified":"2026-09-03T07:41:28+00:00","breadcrumb":{"@id":"https:\/\/casacuberta.com\/fr\/esp-politica-de-proteccion-de-datos\/#breadcrumb"},"inLanguage":"fr-FR","potentialAction":[{"@type":"ReadAction","target":[["https:\/\/casacuberta.com\/fr\/esp-politica-de-proteccion-de-datos\/"]]}]},{"@type":"BreadcrumbList","@id":"https:\/\/casacuberta.com\/fr\/esp-politica-de-proteccion-de-datos\/#breadcrumb","itemListElement":[{"@type":"ListItem","position":1,"name":"Portada","item":"https:\/\/casacuberta.com\/fr\/"},{"@type":"ListItem","position":2,"name":"Politique de Protection des Donn\u00e9es"}]},{"@type":"WebSite","@id":"https:\/\/casacuberta.com\/fr\/#website","url":"https:\/\/casacuberta.com\/fr\/","name":"Casacuberta","description":"Generando valor inmobiliario desde 1985. Barcelona. Madrid. Ginebra.","potentialAction":[{"@type":"SearchAction","target":{"@type":"EntryPoint","urlTemplate":"https:\/\/casacuberta.com\/fr\/?s={search_term_string}"},"query-input":{"@type":"PropertyValueSpecification","valueRequired":true,"valueName":"search_term_string"}}],"inLanguage":"fr-FR"}]}},"_links":{"self":[{"href":"https:\/\/casacuberta.com\/fr\/wp-json\/wp\/v2\/pages\/2152","targetHints":{"allow":["GET"]}}],"collection":[{"href":"https:\/\/casacuberta.com\/fr\/wp-json\/wp\/v2\/pages"}],"about":[{"href":"https:\/\/casacuberta.com\/fr\/wp-json\/wp\/v2\/types\/page"}],"author":[{"embeddable":true,"href":"https:\/\/casacuberta.com\/fr\/wp-json\/wp\/v2\/users\/1"}],"replies":[{"embeddable":true,"href":"https:\/\/casacuberta.com\/fr\/wp-json\/wp\/v2\/comments?post=2152"}],"version-history":[{"count":3,"href":"https:\/\/casacuberta.com\/fr\/wp-json\/wp\/v2\/pages\/2152\/revisions"}],"predecessor-version":[{"id":2156,"href":"https:\/\/casacuberta.com\/fr\/wp-json\/wp\/v2\/pages\/2152\/revisions\/2156"}],"wp:attachment":[{"href":"https:\/\/casacuberta.com\/fr\/wp-json\/wp\/v2\/media?parent=2152"}],"curies":[{"name":"wp","href":"https:\/\/api.w.org\/{rel}","templated":true}]}}